{"id":990102950,"date":"2026-03-11T19:34:06","date_gmt":"2026-03-11T18:34:06","guid":{"rendered":"https:\/\/refugedelacoire.fr\/access\/"},"modified":"2026-04-24T16:42:25","modified_gmt":"2026-04-24T14:42:25","slug":"access","status":"publish","type":"page","link":"https:\/\/www.refugedelacoire.fr\/en\/access\/","title":{"rendered":"Access"},"content":{"rendered":"<p><div class=\"fusion-fullwidth fullwidth-box fusion-builder-row-1 fusion-flex-container has-pattern-background has-mask-background nonhundred-percent-fullwidth non-hundred-percent-height-scrolling\" style=\"--awb-border-radius-top-left:0px;--awb-border-radius-top-right:0px;--awb-border-radius-bottom-right:0px;--awb-border-radius-bottom-left:0px;--awb-padding-top:80px;--awb-padding-bottom:80px;--awb-flex-wrap:wrap;\" ><div class=\"fusion-builder-row fusion-row fusion-flex-align-items-flex-start fusion-flex-content-wrap\" style=\"max-width:1248px;margin-left: calc(-4% \/ 2 );margin-right: calc(-4% \/ 2 );\"><div class=\"fusion-layout-column fusion_builder_column fusion-builder-column-0 fusion_builder_column_1_1 1_1 fusion-flex-column\" style=\"--awb-bg-size:cover;--awb-width-large:100%;--awb-margin-top-large:0px;--awb-spacing-right-large:1.92%;--awb-margin-bottom-large:20px;--awb-spacing-left-large:1.92%;--awb-width-medium:100%;--awb-order-medium:0;--awb-spacing-right-medium:1.92%;--awb-spacing-left-medium:1.92%;--awb-width-small:100%;--awb-order-small:0;--awb-spacing-right-small:1.92%;--awb-spacing-left-small:1.92%;\"><div class=\"fusion-column-wrapper fusion-column-has-shadow fusion-flex-justify-content-flex-start fusion-content-layout-column\"><div class=\"fusion-title title fusion-title-1 fusion-title-text fusion-title-size-three\" style=\"--awb-margin-top-small:10px;--awb-margin-right-small:0px;--awb-margin-bottom-small:10px;--awb-margin-left-small:0px;--awb-sep-color:var(--awb-color4);\"><div class=\"title-sep-container title-sep-container-left fusion-no-large-visibility fusion-no-medium-visibility fusion-no-small-visibility\"><div class=\"title-sep sep-single sep-solid\" style=\"border-color:var(--awb-color4);\"><\/div><\/div><span class=\"awb-title-spacer fusion-no-large-visibility fusion-no-medium-visibility fusion-no-small-visibility\"><\/span><h3 class=\"fusion-title-heading title-heading-left fusion-responsive-typography-calculated\" style=\"margin:0;text-transform:uppercase;--fontSize:30;line-height:var(--awb-typography1-line-height);\">How to find us<\/h3><span class=\"awb-title-spacer\"><\/span><div class=\"title-sep-container title-sep-container-right\"><div class=\"title-sep sep-single sep-solid\" style=\"border-color:var(--awb-color4);\"><\/div><\/div><\/div><div class=\"fusion-text fusion-text-1\"><p>Looking for more information on how to get to the Refuge de la Coire? Whether you&#8217;re on a multi-day trek or a day hike, or arriving by car for a relaxing break, <strong>finding us is easy\u2014just a few turns from the Cormet d\u2019Ar\u00e8ches!<\/strong><\/p>\n<p>Access times vary depending on the chosen parking lot and road conditions (snow cover)<br \/>\n<strong>\u25b8 Winter:<\/strong> access via Prachani\u00e9 and Ar\u00eaches side parking: Le Mappaz (depending on snow conditions)<br \/>\n<strong>\u25b8 Modes of transport:<\/strong> on foot, on horseback, by mountain bike, by motorbike, by car&#8230;<\/p>\n<\/div><\/div><\/div><div class=\"fusion-layout-column fusion_builder_column fusion-builder-column-1 fusion_builder_column_1_1 1_1 fusion-flex-column\" style=\"--awb-column-gap:30px;--awb-row-gap:30px;--awb-bg-size:cover;--awb-width-large:100%;--awb-margin-top-large:50px;--awb-spacing-right-large:1.92%;--awb-margin-bottom-large:50px;--awb-spacing-left-large:1.92%;--awb-width-medium:100%;--awb-order-medium:0;--awb-spacing-right-medium:1.92%;--awb-spacing-left-medium:1.92%;--awb-width-small:100%;--awb-order-small:0;--awb-spacing-right-small:1.92%;--awb-spacing-left-small:1.92%;\" data-scroll-devices=\"small-visibility,medium-visibility,large-visibility\"><div class=\"fusion-column-wrapper fusion-column-has-shadow fusion-flex-justify-content-center fusion-content-layout-row\"><div ><a class=\"fusion-button button-flat fusion-button-default-size button-custom fusion-button-default button-1 fusion-button-default-span fusion-button-default-type\" style=\"--button_accent_color:var(--awb-color1);--button_accent_hover_color:var(--awb-color5);--button_border_hover_color:var(--awb-color5);--button_border_width-top:1px;--button_border_width-right:1px;--button_border_width-bottom:1px;--button_border_width-left:1px;--button_gradient_top_color:var(--awb-color5);--button_gradient_bottom_color:var(--awb-color5);--button_gradient_top_color_hover:var(--awb-color1);--button_gradient_bottom_color_hover:var(--awb-color1);\" target=\"_self\" data-hover=\"bg_slide_right\" href=\"https:\/\/www.google.com\/maps\/dir\/\/Refuge+De+La+Coire,+73210+Aime-la-Plagne\/@45.6158844,6.6164898,14.97z\/data=!4m20!1m10!3m9!1s0x4789626d200979c1:0x863c510ce438b960!2sRefuge+De+La+Coire!5m2!4m1!1i2!8m2!3d45.6182246!4d6.6085196!16s%2Fg%2F11cnb46yqt!4m8!1m0!1m5!1m1!1s0x4789626d200979c1:0x863c510ce438b960!2m2!1d6.6085196!2d45.6182246!3e3?entry=ttu&amp;g_ep=EgoyMDI2MDMwOS4wIKXMDSoASAFQAw%3D%3D\"><i class=\"fa-map-signs fas awb-button__icon awb-button__icon--default button-icon-left\" aria-hidden=\"true\"><\/i><span class=\"fusion-button-text awb-button__text awb-button__text--default\">Google Maps Route<\/span><\/a><\/div><div class=\"fusion-text fusion-text-2\"><p><span style=\"color: #13304a;\"><strong>Longitude:<\/strong> 06\u00b036&#8217;30.03&#8243;E<\/span><br \/>\n<span style=\"color: #13304a;\"><strong>Latitude:<\/strong> 45\u00b037&#8217;6.18&#8243;N<\/span><\/p>\n<\/div><\/div><\/div><div class=\"fusion-layout-column fusion_builder_column fusion-builder-column-2 fusion_builder_column_1_2 1_2 fusion-flex-column\" style=\"--awb-bg-size:cover;--awb-width-large:50%;--awb-margin-top-large:0px;--awb-spacing-right-large:3.84%;--awb-margin-bottom-large:20px;--awb-spacing-left-large:3.84%;--awb-width-medium:50%;--awb-order-medium:0;--awb-spacing-right-medium:3.84%;--awb-spacing-left-medium:3.84%;--awb-width-small:100%;--awb-order-small:0;--awb-spacing-right-small:1.92%;--awb-spacing-left-small:1.92%;\"><div class=\"fusion-column-wrapper fusion-column-has-shadow fusion-flex-justify-content-flex-start fusion-content-layout-column\"><div class=\"fusion-title title fusion-title-2 fusion-sep-none fusion-title-text fusion-title-size-five\" style=\"--awb-margin-top-small:10px;--awb-margin-right-small:0px;--awb-margin-bottom-small:10px;--awb-margin-left-small:0px;\"><h5 class=\"fusion-title-heading title-heading-left fusion-responsive-typography-calculated\" style=\"margin:0;--fontSize:20;--minFontSize:20;line-height:var(--awb-typography1-line-height);\">Access from Beaufortain<\/h5><\/div><div class=\"fusion-text fusion-text-3\"><p>Head towards Ar\u00eaches Beaufort, then the Saint-Gu\u00e9rin dam and the Cormet d&#8217;Ar\u00eaches<\/p>\n<\/div><div class=\"fusion-image-element \" style=\"--awb-caption-title-font-family:var(--h2_typography-font-family);--awb-caption-title-font-weight:var(--h2_typography-font-weight);--awb-caption-title-font-style:var(--h2_typography-font-style);--awb-caption-title-size:var(--h2_typography-font-size);--awb-caption-title-transform:var(--h2_typography-text-transform);--awb-caption-title-line-height:var(--h2_typography-line-height);--awb-caption-title-letter-spacing:var(--h2_typography-letter-spacing);\"><span class=\" fusion-imageframe imageframe-none imageframe-1 awb-imageframe-style awb-imageframe-style-schantel\"><a href=\"https:\/\/refugedelacoire.fr\/wp-content\/uploads\/2021\/11\/acces-coire-par-beaufortain-e1636310679593.png\" class=\"fusion-lightbox\" data-rel=\"iLightbox[660410e4793022c0c91]\"><img decoding=\"async\" width=\"1200\" height=\"1049\" src=\"https:\/\/www.refugedelacoire.fr\/wp-content\/uploads\/2021\/11\/acces-coire-par-beaufortain-e1636310679593.png\" alt class=\"img-responsive wp-image-990102943\"\/><div class=\"awb-imageframe-caption-container\"><div class=\"awb-imageframe-caption\"><p class=\"awb-imageframe-caption-text\">From Ar\u00eaches Beaufort<\/p><\/div><\/div><\/a><\/span><\/div><\/div><\/div><div class=\"fusion-layout-column fusion_builder_column fusion-builder-column-3 fusion_builder_column_1_2 1_2 fusion-flex-column\" style=\"--awb-bg-size:cover;--awb-width-large:50%;--awb-margin-top-large:0px;--awb-spacing-right-large:3.84%;--awb-margin-bottom-large:20px;--awb-spacing-left-large:3.84%;--awb-width-medium:50%;--awb-order-medium:0;--awb-spacing-right-medium:3.84%;--awb-spacing-left-medium:3.84%;--awb-width-small:100%;--awb-order-small:0;--awb-spacing-right-small:1.92%;--awb-spacing-left-small:1.92%;\"><div class=\"fusion-column-wrapper fusion-column-has-shadow fusion-flex-justify-content-flex-start fusion-content-layout-column\"><div class=\"fusion-title title fusion-title-3 fusion-sep-none fusion-title-text fusion-title-size-five\" style=\"--awb-margin-top-small:10px;--awb-margin-right-small:0px;--awb-margin-bottom-small:10px;--awb-margin-left-small:0px;\"><h5 class=\"fusion-title-heading title-heading-left fusion-responsive-typography-calculated\" style=\"margin:0;--fontSize:20;--minFontSize:20;line-height:var(--awb-typography1-line-height);\">Access from Tarentaise<\/h5><\/div><div class=\"fusion-text fusion-text-4\"><p>Via the Tarentaise valley: follow signs for Mo\u00fbtiers, then Aime, and finally the Versant du Soleil and the village of Granier. You can then take the road leading to the refuge by following signs for Laval and the Cormet d&#8217;Ar\u00eaches<\/p>\n<\/div><div class=\"fusion-image-element \" style=\"--awb-caption-overlay-color:rgba(255,255,255,0);--awb-caption-title-font-family:var(--h2_typography-font-family);--awb-caption-title-font-weight:var(--h2_typography-font-weight);--awb-caption-title-font-style:var(--h2_typography-font-style);--awb-caption-title-size:var(--h2_typography-font-size);--awb-caption-title-transform:var(--h2_typography-text-transform);--awb-caption-title-line-height:var(--h2_typography-line-height);--awb-caption-title-letter-spacing:var(--h2_typography-letter-spacing);\"><span class=\" fusion-imageframe imageframe-none imageframe-2 awb-imageframe-style awb-imageframe-style-schantel\"><a href=\"https:\/\/refugedelacoire.fr\/wp-content\/uploads\/2021\/11\/acces-la-coire-cote-tarentaise-e1636310692200.png\" class=\"fusion-lightbox\" data-rel=\"iLightbox[860d89836c156bd48f5]\"><img decoding=\"async\" width=\"1200\" height=\"719\" src=\"https:\/\/www.refugedelacoire.fr\/wp-content\/uploads\/2021\/11\/acces-la-coire-cote-tarentaise-e1636310692200.png\" alt class=\"img-responsive wp-image-990102944\"\/><div class=\"awb-imageframe-caption-container\"><div class=\"awb-imageframe-caption\"><p class=\"awb-imageframe-caption-text\">From Aime<\/p><\/div><\/div><\/a><\/span><\/div><\/div><\/div><\/div><\/div><div class=\"fusion-fullwidth fullwidth-box fusion-builder-row-2 fusion-flex-container has-pattern-background has-mask-background nonhundred-percent-fullwidth non-hundred-percent-height-scrolling\" style=\"--awb-border-radius-top-left:0px;--awb-border-radius-top-right:0px;--awb-border-radius-bottom-right:0px;--awb-border-radius-bottom-left:0px;--awb-padding-top:0px;--awb-padding-bottom:50px;--awb-flex-wrap:wrap;\" ><div class=\"fusion-builder-row fusion-row fusion-flex-align-items-center fusion-flex-content-wrap\" style=\"max-width:1248px;margin-left: calc(-4% \/ 2 );margin-right: calc(-4% \/ 2 );\"><div class=\"fusion-layout-column fusion_builder_column fusion-builder-column-4 fusion_builder_column_1_5 1_5 fusion-flex-column\" style=\"--awb-bg-size:cover;--awb-width-large:20%;--awb-margin-top-large:0px;--awb-spacing-right-large:9.6%;--awb-margin-bottom-large:20px;--awb-spacing-left-large:9.6%;--awb-width-medium:20%;--awb-order-medium:0;--awb-spacing-right-medium:9.6%;--awb-spacing-left-medium:9.6%;--awb-width-small:100%;--awb-order-small:0;--awb-spacing-right-small:1.92%;--awb-spacing-left-small:1.92%;\" data-scroll-devices=\"small-visibility,medium-visibility,large-visibility\"><div class=\"fusion-column-wrapper fusion-column-has-shadow fusion-flex-justify-content-center fusion-content-layout-column\"><div class=\"fusion-image-element \" style=\"text-align:center;--awb-max-width:150px;--awb-caption-title-font-family:var(--h2_typography-font-family);--awb-caption-title-font-weight:var(--h2_typography-font-weight);--awb-caption-title-font-style:var(--h2_typography-font-style);--awb-caption-title-size:var(--h2_typography-font-size);--awb-caption-title-transform:var(--h2_typography-text-transform);--awb-caption-title-line-height:var(--h2_typography-line-height);--awb-caption-title-letter-spacing:var(--h2_typography-letter-spacing);\"><span class=\" fusion-imageframe imageframe-none imageframe-3 hover-type-none\"><img decoding=\"async\" width=\"1079\" height=\"1280\" title=\"Danger avalanche\" src=\"https:\/\/www.refugedelacoire.fr\/wp-content\/uploads\/2026\/03\/juhele-avalanche-4391277_1280.png\" alt class=\"img-responsive wp-image-990102932\" srcset=\"https:\/\/www.refugedelacoire.fr\/wp-content\/uploads\/2026\/03\/juhele-avalanche-4391277_1280-253x300.png 253w, https:\/\/www.refugedelacoire.fr\/wp-content\/uploads\/2026\/03\/juhele-avalanche-4391277_1280-768x911.png 768w, https:\/\/www.refugedelacoire.fr\/wp-content\/uploads\/2026\/03\/juhele-avalanche-4391277_1280-863x1024.png 863w, https:\/\/www.refugedelacoire.fr\/wp-content\/uploads\/2026\/03\/juhele-avalanche-4391277_1280.png 1079w\" sizes=\"(max-width: 1079px) 100vw, 1079px\" \/><\/span><\/div><\/div><\/div><div class=\"fusion-layout-column fusion_builder_column fusion-builder-column-5 fusion_builder_column_4_5 4_5 fusion-flex-column\" style=\"--awb-bg-size:cover;--awb-width-large:80%;--awb-margin-top-large:0px;--awb-spacing-right-large:2.4%;--awb-margin-bottom-large:20px;--awb-spacing-left-large:2.4%;--awb-width-medium:80%;--awb-order-medium:0;--awb-spacing-right-medium:2.4%;--awb-spacing-left-medium:2.4%;--awb-width-small:100%;--awb-order-small:0;--awb-spacing-right-small:1.92%;--awb-spacing-left-small:1.92%;\" data-scroll-devices=\"small-visibility,medium-visibility,large-visibility\"><div class=\"fusion-column-wrapper fusion-column-has-shadow fusion-flex-justify-content-center fusion-content-layout-column\"><div class=\"fusion-text fusion-text-5\" style=\"--awb-margin-top:50px;\"><p>You are in a mountain environment with potentially avalanche-prone areas. You are responsible for your own safety. Be sure to check snow and weather conditions in advance, adjust your route accordingly, and ensure you have the proper equipment (skis, snowshoes, avalanche transceiver, shovel, probe, technical clothing, water and food supplies, etc.).<\/p>\n<\/div><\/div><\/div><\/div><\/div><\/p>\n","protected":false},"excerpt":{"rendered":"","protected":false},"author":3,"featured_media":990102902,"parent":0,"menu_order":0,"comment_status":"closed","ping_status":"closed","template":"100-width.php","meta":{"_acf_changed":false,"footnotes":""},"class_list":["post-990102950","page","type-page","status-publish","has-post-thumbnail","hentry"],"acf":[],"yoast_head":"<!-- This site is optimized with the Yoast SEO plugin v27.4 - https:\/\/yoast.com\/product\/yoast-seo-wordpress\/ -->\n<title>Access - Refuge de la Coire<\/title>\n<meta name=\"description\" content=\"Whether you\u2019re hiking or driving, it couldn\u2019t be easier to find us\u2014just a few turns from the Cormet d\u2019Ar\u00e8ches!\" \/>\n<meta name=\"robots\" content=\"index, follow, max-snippet:-1, max-image-preview:large, max-video-preview:-1\" \/>\n<link rel=\"canonical\" href=\"https:\/\/www.refugedelacoire.fr\/en\/access\/\" \/>\n<meta property=\"og:locale\" content=\"en_US\" \/>\n<meta property=\"og:type\" content=\"article\" \/>\n<meta property=\"og:title\" content=\"Access - Refuge de la Coire\" \/>\n<meta property=\"og:description\" content=\"Whether you\u2019re hiking or driving, it couldn\u2019t be easier to find us\u2014just a few turns from the Cormet d\u2019Ar\u00e8ches!\" \/>\n<meta property=\"og:url\" content=\"https:\/\/www.refugedelacoire.fr\/en\/access\/\" \/>\n<meta property=\"og:site_name\" content=\"Refuge de la Coire\" \/>\n<meta property=\"article:publisher\" content=\"https:\/\/www.facebook.com\/refugedelacoire\" \/>\n<meta property=\"article:modified_time\" content=\"2026-04-24T14:42:25+00:00\" \/>\n<meta property=\"og:image\" content=\"https:\/\/www.refugedelacoire.fr\/wp-content\/uploads\/2021\/11\/WhatsApp-Image-2021-11-01-at-11.45.50.jpeg\" \/>\n\t<meta property=\"og:image:width\" content=\"2048\" \/>\n\t<meta property=\"og:image:height\" content=\"1150\" \/>\n\t<meta property=\"og:image:type\" content=\"image\/jpeg\" \/>\n<meta name=\"twitter:card\" content=\"summary_large_image\" \/>\n<script type=\"application\/ld+json\" class=\"yoast-schema-graph\">{\"@context\":\"https:\\\/\\\/schema.org\",\"@graph\":[{\"@type\":\"WebPage\",\"@id\":\"https:\\\/\\\/www.refugedelacoire.fr\\\/en\\\/access\\\/\",\"url\":\"https:\\\/\\\/www.refugedelacoire.fr\\\/en\\\/access\\\/\",\"name\":\"Access - Refuge de la Coire\",\"isPartOf\":{\"@id\":\"https:\\\/\\\/www.refugedelacoire.fr\\\/en\\\/#website\"},\"primaryImageOfPage\":{\"@id\":\"https:\\\/\\\/www.refugedelacoire.fr\\\/en\\\/access\\\/#primaryimage\"},\"image\":{\"@id\":\"https:\\\/\\\/www.refugedelacoire.fr\\\/en\\\/access\\\/#primaryimage\"},\"thumbnailUrl\":\"https:\\\/\\\/www.refugedelacoire.fr\\\/wp-content\\\/uploads\\\/2021\\\/11\\\/WhatsApp-Image-2021-11-01-at-11.45.50.jpeg\",\"datePublished\":\"2026-03-11T18:34:06+00:00\",\"dateModified\":\"2026-04-24T14:42:25+00:00\",\"description\":\"Whether you\u2019re hiking or driving, it couldn\u2019t be easier to find us\u2014just a few turns from the Cormet d\u2019Ar\u00e8ches!\",\"breadcrumb\":{\"@id\":\"https:\\\/\\\/www.refugedelacoire.fr\\\/en\\\/access\\\/#breadcrumb\"},\"inLanguage\":\"en-US\",\"potentialAction\":[{\"@type\":\"ReadAction\",\"target\":[\"https:\\\/\\\/www.refugedelacoire.fr\\\/en\\\/access\\\/\"]}]},{\"@type\":\"ImageObject\",\"inLanguage\":\"en-US\",\"@id\":\"https:\\\/\\\/www.refugedelacoire.fr\\\/en\\\/access\\\/#primaryimage\",\"url\":\"https:\\\/\\\/www.refugedelacoire.fr\\\/wp-content\\\/uploads\\\/2021\\\/11\\\/WhatsApp-Image-2021-11-01-at-11.45.50.jpeg\",\"contentUrl\":\"https:\\\/\\\/www.refugedelacoire.fr\\\/wp-content\\\/uploads\\\/2021\\\/11\\\/WhatsApp-Image-2021-11-01-at-11.45.50.jpeg\",\"width\":2048,\"height\":1150},{\"@type\":\"BreadcrumbList\",\"@id\":\"https:\\\/\\\/www.refugedelacoire.fr\\\/en\\\/access\\\/#breadcrumb\",\"itemListElement\":[{\"@type\":\"ListItem\",\"position\":1,\"name\":\"Accueil\",\"item\":\"https:\\\/\\\/www.refugedelacoire.fr\\\/en\\\/\"},{\"@type\":\"ListItem\",\"position\":2,\"name\":\"Access\"}]},{\"@type\":\"WebSite\",\"@id\":\"https:\\\/\\\/www.refugedelacoire.fr\\\/en\\\/#website\",\"url\":\"https:\\\/\\\/www.refugedelacoire.fr\\\/en\\\/\",\"name\":\"Refuge de la Coire\",\"description\":\"Randonn\u00e9es en Tarentaise et Beaufortain\",\"potentialAction\":[{\"@type\":\"SearchAction\",\"target\":{\"@type\":\"EntryPoint\",\"urlTemplate\":\"https:\\\/\\\/www.refugedelacoire.fr\\\/en\\\/?s={search_term_string}\"},\"query-input\":{\"@type\":\"PropertyValueSpecification\",\"valueRequired\":true,\"valueName\":\"search_term_string\"}}],\"inLanguage\":\"en-US\"}]}<\/script>\n<!-- \/ Yoast SEO plugin. -->","yoast_head_json":{"title":"Access - Refuge de la Coire","description":"Whether you\u2019re hiking or driving, it couldn\u2019t be easier to find us\u2014just a few turns from the Cormet d\u2019Ar\u00e8ches!","robots":{"index":"index","follow":"follow","max-snippet":"max-snippet:-1","max-image-preview":"max-image-preview:large","max-video-preview":"max-video-preview:-1"},"canonical":"https:\/\/www.refugedelacoire.fr\/en\/access\/","og_locale":"en_US","og_type":"article","og_title":"Access - Refuge de la Coire","og_description":"Whether you\u2019re hiking or driving, it couldn\u2019t be easier to find us\u2014just a few turns from the Cormet d\u2019Ar\u00e8ches!","og_url":"https:\/\/www.refugedelacoire.fr\/en\/access\/","og_site_name":"Refuge de la Coire","article_publisher":"https:\/\/www.facebook.com\/refugedelacoire","article_modified_time":"2026-04-24T14:42:25+00:00","og_image":[{"width":2048,"height":1150,"url":"https:\/\/www.refugedelacoire.fr\/wp-content\/uploads\/2021\/11\/WhatsApp-Image-2021-11-01-at-11.45.50.jpeg","type":"image\/jpeg"}],"twitter_card":"summary_large_image","schema":{"@context":"https:\/\/schema.org","@graph":[{"@type":"WebPage","@id":"https:\/\/www.refugedelacoire.fr\/en\/access\/","url":"https:\/\/www.refugedelacoire.fr\/en\/access\/","name":"Access - Refuge de la Coire","isPartOf":{"@id":"https:\/\/www.refugedelacoire.fr\/en\/#website"},"primaryImageOfPage":{"@id":"https:\/\/www.refugedelacoire.fr\/en\/access\/#primaryimage"},"image":{"@id":"https:\/\/www.refugedelacoire.fr\/en\/access\/#primaryimage"},"thumbnailUrl":"https:\/\/www.refugedelacoire.fr\/wp-content\/uploads\/2021\/11\/WhatsApp-Image-2021-11-01-at-11.45.50.jpeg","datePublished":"2026-03-11T18:34:06+00:00","dateModified":"2026-04-24T14:42:25+00:00","description":"Whether you\u2019re hiking or driving, it couldn\u2019t be easier to find us\u2014just a few turns from the Cormet d\u2019Ar\u00e8ches!","breadcrumb":{"@id":"https:\/\/www.refugedelacoire.fr\/en\/access\/#breadcrumb"},"inLanguage":"en-US","potentialAction":[{"@type":"ReadAction","target":["https:\/\/www.refugedelacoire.fr\/en\/access\/"]}]},{"@type":"ImageObject","inLanguage":"en-US","@id":"https:\/\/www.refugedelacoire.fr\/en\/access\/#primaryimage","url":"https:\/\/www.refugedelacoire.fr\/wp-content\/uploads\/2021\/11\/WhatsApp-Image-2021-11-01-at-11.45.50.jpeg","contentUrl":"https:\/\/www.refugedelacoire.fr\/wp-content\/uploads\/2021\/11\/WhatsApp-Image-2021-11-01-at-11.45.50.jpeg","width":2048,"height":1150},{"@type":"BreadcrumbList","@id":"https:\/\/www.refugedelacoire.fr\/en\/access\/#breadcrumb","itemListElement":[{"@type":"ListItem","position":1,"name":"Accueil","item":"https:\/\/www.refugedelacoire.fr\/en\/"},{"@type":"ListItem","position":2,"name":"Access"}]},{"@type":"WebSite","@id":"https:\/\/www.refugedelacoire.fr\/en\/#website","url":"https:\/\/www.refugedelacoire.fr\/en\/","name":"Refuge de la Coire","description":"Randonn\u00e9es en Tarentaise et Beaufortain","potentialAction":[{"@type":"SearchAction","target":{"@type":"EntryPoint","urlTemplate":"https:\/\/www.refugedelacoire.fr\/en\/?s={search_term_string}"},"query-input":{"@type":"PropertyValueSpecification","valueRequired":true,"valueName":"search_term_string"}}],"inLanguage":"en-US"}]}},"_links":{"self":[{"href":"https:\/\/www.refugedelacoire.fr\/en\/wp-json\/wp\/v2\/pages\/990102950","targetHints":{"allow":["GET"]}}],"collection":[{"href":"https:\/\/www.refugedelacoire.fr\/en\/wp-json\/wp\/v2\/pages"}],"about":[{"href":"https:\/\/www.refugedelacoire.fr\/en\/wp-json\/wp\/v2\/types\/page"}],"author":[{"embeddable":true,"href":"https:\/\/www.refugedelacoire.fr\/en\/wp-json\/wp\/v2\/users\/3"}],"replies":[{"embeddable":true,"href":"https:\/\/www.refugedelacoire.fr\/en\/wp-json\/wp\/v2\/comments?post=990102950"}],"version-history":[{"count":9,"href":"https:\/\/www.refugedelacoire.fr\/en\/wp-json\/wp\/v2\/pages\/990102950\/revisions"}],"predecessor-version":[{"id":990103547,"href":"https:\/\/www.refugedelacoire.fr\/en\/wp-json\/wp\/v2\/pages\/990102950\/revisions\/990103547"}],"wp:featuredmedia":[{"embeddable":true,"href":"https:\/\/www.refugedelacoire.fr\/en\/wp-json\/wp\/v2\/media\/990102902"}],"wp:attachment":[{"href":"https:\/\/www.refugedelacoire.fr\/en\/wp-json\/wp\/v2\/media?parent=990102950"}],"curies":[{"name":"wp","href":"https:\/\/api.w.org\/{rel}","templated":true}]}}