{"id":990103242,"date":"2026-03-02T10:14:58","date_gmt":"2026-03-02T09:14:58","guid":{"rendered":"https:\/\/refugedelacoire.fr\/faq\/"},"modified":"2026-04-24T18:35:31","modified_gmt":"2026-04-24T16:35:31","slug":"faq","status":"publish","type":"page","link":"https:\/\/www.refugedelacoire.fr\/en\/faq\/","title":{"rendered":"FAQ"},"content":{"rendered":"<p><div class=\"fusion-fullwidth fullwidth-box fusion-builder-row-1 fusion-flex-container has-pattern-background has-mask-background nonhundred-percent-fullwidth non-hundred-percent-height-scrolling\" style=\"--awb-border-radius-top-left:0px;--awb-border-radius-top-right:0px;--awb-border-radius-bottom-right:0px;--awb-border-radius-bottom-left:0px;--awb-padding-top:50px;--awb-padding-bottom:50px;--awb-padding-top-small:0px;--awb-padding-bottom-small:0px;--awb-flex-wrap:wrap;\" ><div class=\"fusion-builder-row fusion-row fusion-flex-align-items-flex-start fusion-flex-content-wrap\" style=\"max-width:1248px;margin-left: calc(-4% \/ 2 );margin-right: calc(-4% \/ 2 );\"><div class=\"fusion-layout-column fusion_builder_column fusion-builder-column-0 fusion_builder_column_1_1 1_1 fusion-flex-column\" style=\"--awb-bg-size:cover;--awb-width-large:100%;--awb-margin-top-large:0px;--awb-spacing-right-large:1.92%;--awb-margin-bottom-large:20px;--awb-spacing-left-large:1.92%;--awb-width-medium:100%;--awb-order-medium:0;--awb-spacing-right-medium:1.92%;--awb-spacing-left-medium:1.92%;--awb-width-small:100%;--awb-order-small:0;--awb-spacing-right-small:1.92%;--awb-spacing-left-small:1.92%;\"><div class=\"fusion-column-wrapper fusion-column-has-shadow fusion-flex-justify-content-flex-start fusion-content-layout-column\"><div class=\"fusion-title title fusion-title-1 fusion-title-text fusion-title-size-three\" style=\"--awb-margin-top-small:10px;--awb-margin-right-small:0px;--awb-margin-bottom-small:10px;--awb-margin-left-small:0px;--awb-sep-color:var(--awb-color4);\"><div class=\"title-sep-container title-sep-container-left fusion-no-large-visibility fusion-no-medium-visibility fusion-no-small-visibility\"><div class=\"title-sep sep-single sep-solid\" style=\"border-color:var(--awb-color4);\"><\/div><\/div><span class=\"awb-title-spacer fusion-no-large-visibility fusion-no-medium-visibility fusion-no-small-visibility\"><\/span><h3 class=\"fusion-title-heading title-heading-left fusion-responsive-typography-calculated\" style=\"margin:0;text-transform:uppercase;--fontSize:30;line-height:var(--awb-typography1-line-height);\">Accommodation<\/h3><span class=\"awb-title-spacer\"><\/span><div class=\"title-sep-container title-sep-container-right\"><div class=\"title-sep sep-single sep-solid\" style=\"border-color:var(--awb-color4);\"><\/div><\/div><\/div><style type=\"text\/css\">.fusion-faqs-wrapper #accordian-1 .fusion-panel { border-color:var(--awb-color3); }.fusion-faqs-wrapper #accordian-1 .fusion-panel:hover{ border-color: var(--awb-color3); }.fusion-accordian #accordian-1 .panel-title a .fa-fusion-box:before{ font-size: 16px;width: 16px;}.fusion-accordian #accordian-1 .panel-title a .fa-fusion-box{ color: var(--awb-color4);}.fusion-accordian  #accordian-1 .panel-title a{font-size:16px;font-family:var(--awb-typography1-font-family);font-weight:var(--awb-typography1-font-weight);font-style:var(--awb-typography1-font-style);}.fusion-accordian  #accordian-1 .panel-title a:not(:hover){}.fusion-accordian  #accordian-1 .toggle-content{font-family:var(--awb-typography4-font-family);font-weight:var(--awb-typography4-font-weight);font-style:var(--awb-typography4-font-style);}.fusion-accordian #accordian-1 .panel-title a:hover,.fusion-accordian #accordian-1 .panel-title a.hover { color: var(--awb-color4);}.fusion-faq-shortcode .fusion-accordian #accordian-1 .fusion-toggle-boxed-mode:hover .panel-title a { color: var(--awb-color4);}.fusion-accordian #accordian-1.fusion-toggle-icon-unboxed .panel-title a:hover .fa-fusion-box,.fusion-accordian #accordian-1.fusion-toggle-icon-unboxed .panel-title a.hover .fa-fusion-box { color: var(--awb-color4); }<\/style><div class=\"fusion-faq-shortcode\" style=\"\"><div class=\"fusion-faqs-wrapper\"><div class=\"accordian fusion-accordian\"><div class=\"panel-group  fusion-toggle-icon-unboxed\" id=\"accordian-1\"><div class=\"fusion-panel fusion-toggle-no-divider panel-default fusion-faq-post fusion-faq-post-990103245 accommodation \"><span class=\"entry-title rich-snippet-hidden\">Can I bring my dog?<\/span><span class=\"vcard rich-snippet-hidden\"><span class=\"fn\"><a href=\"https:\/\/www.refugedelacoire.fr\/en\/author\/oyacommunication\/\" title=\"Posts by Nicolas NEREAU\" rel=\"author\">Nicolas NEREAU<\/a><\/span><\/span><span class=\"updated rich-snippet-hidden\">2026-03-11T09:54:47+01:00<\/span><div class=\"panel-heading\"><h4 id=\"faq_1-990103245\" class=\"panel-title toggle\"><a data-toggle=\"collapse\" class=\"collapsed\" data-parent=\"#accordian-1\" data-target=\"#collapse-1-990103245\" href=\"#collapse-1-990103245\" aria-expanded=\"false\"><div class=\"fusion-toggle-icon-wrapper\"><div class=\"fusion-toggle-icon-wrapper-main\"><div class=\"fusion-toggle-icon-wrapper-sub\"><i class=\"fa-fusion-box active-icon fa-angle-down fas\" aria-hidden=\"true\"><\/i><i class=\"fa-fusion-box inactive-icon fa-angle-right fas\" aria-hidden=\"true\"><\/i><\/div><\/div><\/div><div class=\"fusion-toggle-heading\">Can I bring my dog?<\/div><\/a><\/h4><\/div><div id=\"collapse-1-990103245\" aria-labelledby=\"faq_1-990103245\" class=\"panel-collapse collapse\"><div class=\"panel-body toggle-content post-content\"><p>Animals are not allowed inside the refuge due to close quarters (allergies\/phobias for some people\u2026), dogs must be kept on a leash outside on all trails and paths in Beaufortain (due to the presence of wolves and livestock guardian dogs).<\/p>\n<\/div><\/div><\/div><div class=\"fusion-panel fusion-toggle-no-divider panel-default fusion-faq-post fusion-faq-post-990103246 accommodation \"><span class=\"entry-title rich-snippet-hidden\">Is the refuge suitable for e-MTBs?<\/span><span class=\"vcard rich-snippet-hidden\"><span class=\"fn\"><a href=\"https:\/\/www.refugedelacoire.fr\/en\/author\/oyacommunication\/\" title=\"Posts by Nicolas NEREAU\" rel=\"author\">Nicolas NEREAU<\/a><\/span><\/span><span class=\"updated rich-snippet-hidden\">2026-03-11T09:55:04+01:00<\/span><div class=\"panel-heading\"><h4 id=\"faq_1-990103246\" class=\"panel-title toggle\"><a data-toggle=\"collapse\" class=\"collapsed\" data-parent=\"#accordian-1\" data-target=\"#collapse-1-990103246\" href=\"#collapse-1-990103246\" aria-expanded=\"false\"><div class=\"fusion-toggle-icon-wrapper\"><div class=\"fusion-toggle-icon-wrapper-main\"><div class=\"fusion-toggle-icon-wrapper-sub\"><i class=\"fa-fusion-box active-icon fa-angle-down fas\" aria-hidden=\"true\"><\/i><i class=\"fa-fusion-box inactive-icon fa-angle-right fas\" aria-hidden=\"true\"><\/i><\/div><\/div><\/div><div class=\"fusion-toggle-heading\">Is the refuge suitable for e-MTBs?<\/div><\/a><\/h4><\/div><div id=\"collapse-1-990103246\" aria-labelledby=\"faq_1-990103246\" class=\"panel-collapse collapse\"><div class=\"panel-body toggle-content post-content\"><p>We don\u2019t have enough electricity for you to recharge your bikes, and we don\u2019t have a locked, sheltered space for the night.<\/p>\n<\/div><\/div><\/div><div class=\"fusion-panel fusion-toggle-no-divider panel-default fusion-faq-post fusion-faq-post-990103247 accommodation \"><span class=\"entry-title rich-snippet-hidden\">Can I charge devices at the shelter?<\/span><span class=\"vcard rich-snippet-hidden\"><span class=\"fn\"><a href=\"https:\/\/www.refugedelacoire.fr\/en\/author\/oyacommunication\/\" title=\"Posts by Nicolas NEREAU\" rel=\"author\">Nicolas NEREAU<\/a><\/span><\/span><span class=\"updated rich-snippet-hidden\">2026-03-11T09:55:21+01:00<\/span><div class=\"panel-heading\"><h4 id=\"faq_1-990103247\" class=\"panel-title toggle\"><a data-toggle=\"collapse\" class=\"collapsed\" data-parent=\"#accordian-1\" data-target=\"#collapse-1-990103247\" href=\"#collapse-1-990103247\" aria-expanded=\"false\"><div class=\"fusion-toggle-icon-wrapper\"><div class=\"fusion-toggle-icon-wrapper-main\"><div class=\"fusion-toggle-icon-wrapper-sub\"><i class=\"fa-fusion-box active-icon fa-angle-down fas\" aria-hidden=\"true\"><\/i><i class=\"fa-fusion-box inactive-icon fa-angle-right fas\" aria-hidden=\"true\"><\/i><\/div><\/div><\/div><div class=\"fusion-toggle-heading\">Can I charge devices at the shelter?<\/div><\/a><\/h4><\/div><div id=\"collapse-1-990103247\" aria-labelledby=\"faq_1-990103247\" class=\"panel-collapse collapse\"><div class=\"panel-body toggle-content post-content\"><p>Subject to availability: a power strip is available (5 outlets). We prioritize essential devices.<\/p>\n<\/div><\/div><\/div><div class=\"fusion-panel fusion-toggle-no-divider panel-default fusion-faq-post fusion-faq-post-990103248 accommodation \"><span class=\"entry-title rich-snippet-hidden\">What time should I plan to arrive at the refuge?<\/span><span class=\"vcard rich-snippet-hidden\"><span class=\"fn\"><a href=\"https:\/\/www.refugedelacoire.fr\/en\/author\/oyacommunication\/\" title=\"Posts by Nicolas NEREAU\" rel=\"author\">Nicolas NEREAU<\/a><\/span><\/span><span class=\"updated rich-snippet-hidden\">2026-03-11T09:55:37+01:00<\/span><div class=\"panel-heading\"><h4 id=\"faq_1-990103248\" class=\"panel-title toggle\"><a data-toggle=\"collapse\" class=\"collapsed\" data-parent=\"#accordian-1\" data-target=\"#collapse-1-990103248\" href=\"#collapse-1-990103248\" aria-expanded=\"false\"><div class=\"fusion-toggle-icon-wrapper\"><div class=\"fusion-toggle-icon-wrapper-main\"><div class=\"fusion-toggle-icon-wrapper-sub\"><i class=\"fa-fusion-box active-icon fa-angle-down fas\" aria-hidden=\"true\"><\/i><i class=\"fa-fusion-box inactive-icon fa-angle-right fas\" aria-hidden=\"true\"><\/i><\/div><\/div><\/div><div class=\"fusion-toggle-heading\">What time should I plan to arrive at the refuge?<\/div><\/a><\/h4><\/div><div id=\"collapse-1-990103248\" aria-labelledby=\"faq_1-990103248\" class=\"panel-collapse collapse\"><div class=\"panel-body toggle-content post-content\"><p>You&#8217;ve booked half-board: plan your day to arrive before 6 PM. This will give you time to settle in comfortably before dinner served at 7 PM. Please note, if we haven&#8217;t heard from you by 6 PM on your arrival day, we may reassign your spots.  <\/p>\n<\/div><\/div><\/div><div class=\"fusion-panel fusion-toggle-no-divider panel-default fusion-faq-post fusion-faq-post-990103249 accommodation \"><span class=\"entry-title rich-snippet-hidden\">Is there cell service at Refuge de la Coire?<\/span><span class=\"vcard rich-snippet-hidden\"><span class=\"fn\"><a href=\"https:\/\/www.refugedelacoire.fr\/en\/author\/oyacommunication\/\" title=\"Posts by Nicolas NEREAU\" rel=\"author\">Nicolas NEREAU<\/a><\/span><\/span><span class=\"updated rich-snippet-hidden\">2026-03-11T09:56:03+01:00<\/span><div class=\"panel-heading\"><h4 id=\"faq_1-990103249\" class=\"panel-title toggle\"><a data-toggle=\"collapse\" class=\"collapsed\" data-parent=\"#accordian-1\" data-target=\"#collapse-1-990103249\" href=\"#collapse-1-990103249\" aria-expanded=\"false\"><div class=\"fusion-toggle-icon-wrapper\"><div class=\"fusion-toggle-icon-wrapper-main\"><div class=\"fusion-toggle-icon-wrapper-sub\"><i class=\"fa-fusion-box active-icon fa-angle-down fas\" aria-hidden=\"true\"><\/i><i class=\"fa-fusion-box inactive-icon fa-angle-right fas\" aria-hidden=\"true\"><\/i><\/div><\/div><\/div><div class=\"fusion-toggle-heading\">Is there cell service at Refuge de la Coire?<\/div><\/a><\/h4><\/div><div id=\"collapse-1-990103249\" aria-labelledby=\"faq_1-990103249\" class=\"panel-collapse collapse\"><div class=\"panel-body toggle-content post-content\"><p>There is no phone or internet service at the refuge, as in many mountain locations. Remember to book and inform your loved ones of your itinerary while you can. The nearest point with cell service is located about 5 min walk from the refuge.<\/p>\n<\/div><\/div><\/div><div class=\"fusion-panel fusion-toggle-no-divider panel-default fusion-faq-post fusion-faq-post-990103250 accommodation \"><span class=\"entry-title rich-snippet-hidden\">What should I bring for sleeping?<\/span><span class=\"vcard rich-snippet-hidden\"><span class=\"fn\"><a href=\"https:\/\/www.refugedelacoire.fr\/en\/author\/oyacommunication\/\" title=\"Posts by Nicolas NEREAU\" rel=\"author\">Nicolas NEREAU<\/a><\/span><\/span><span class=\"updated rich-snippet-hidden\">2026-03-11T09:56:18+01:00<\/span><div class=\"panel-heading\"><h4 id=\"faq_1-990103250\" class=\"panel-title toggle\"><a data-toggle=\"collapse\" class=\"collapsed\" data-parent=\"#accordian-1\" data-target=\"#collapse-1-990103250\" href=\"#collapse-1-990103250\" aria-expanded=\"false\"><div class=\"fusion-toggle-icon-wrapper\"><div class=\"fusion-toggle-icon-wrapper-main\"><div class=\"fusion-toggle-icon-wrapper-sub\"><i class=\"fa-fusion-box active-icon fa-angle-down fas\" aria-hidden=\"true\"><\/i><i class=\"fa-fusion-box inactive-icon fa-angle-right fas\" aria-hidden=\"true\"><\/i><\/div><\/div><\/div><div class=\"fusion-toggle-heading\">What should I bring for sleeping?<\/div><\/a><\/h4><\/div><div id=\"collapse-1-990103250\" aria-labelledby=\"faq_1-990103250\" class=\"panel-collapse collapse\"><div class=\"panel-body toggle-content post-content\"><p>Dormitory beds are equipped with duvets and pillows (summer). Please bring a sleeping bag liner. For winter, you must bring a sleeping bag (2 blankets\/bed are provided).<\/p>\n<\/div><\/div><\/div><div class=\"fusion-panel fusion-toggle-no-divider panel-default fusion-faq-post fusion-faq-post-990103251 accommodation \"><span class=\"entry-title rich-snippet-hidden\">What time are meals served?<\/span><span class=\"vcard rich-snippet-hidden\"><span class=\"fn\"><a href=\"https:\/\/www.refugedelacoire.fr\/en\/author\/oyacommunication\/\" title=\"Posts by Nicolas NEREAU\" rel=\"author\">Nicolas NEREAU<\/a><\/span><\/span><span class=\"updated rich-snippet-hidden\">2026-03-11T09:56:48+01:00<\/span><div class=\"panel-heading\"><h4 id=\"faq_1-990103251\" class=\"panel-title toggle\"><a data-toggle=\"collapse\" class=\"collapsed\" data-parent=\"#accordian-1\" data-target=\"#collapse-1-990103251\" href=\"#collapse-1-990103251\" aria-expanded=\"false\"><div class=\"fusion-toggle-icon-wrapper\"><div class=\"fusion-toggle-icon-wrapper-main\"><div class=\"fusion-toggle-icon-wrapper-sub\"><i class=\"fa-fusion-box active-icon fa-angle-down fas\" aria-hidden=\"true\"><\/i><i class=\"fa-fusion-box inactive-icon fa-angle-right fas\" aria-hidden=\"true\"><\/i><\/div><\/div><\/div><div class=\"fusion-toggle-heading\">What time are meals served?<\/div><\/a><\/h4><\/div><div id=\"collapse-1-990103251\" aria-labelledby=\"faq_1-990103251\" class=\"panel-collapse collapse\"><div class=\"panel-body toggle-content post-content\"><p>Dinner is served at 7pm, plan your day so you arrive at least 1 hour beforehand to give yourself time to settle in. Breakfast is served at 7am. For scheduling reasons for the rest of the refuge\u2019s day, please vacate the dormitories before 8:30am.<\/p>\n<\/div><\/div><\/div><div class=\"fusion-panel fusion-toggle-no-divider panel-default fusion-faq-post fusion-faq-post-990103252 accommodation \"><span class=\"entry-title rich-snippet-hidden\">Can I book overnight stays with toddlers?<\/span><span class=\"vcard rich-snippet-hidden\"><span class=\"fn\"><a href=\"https:\/\/www.refugedelacoire.fr\/en\/author\/oyacommunication\/\" title=\"Posts by Nicolas NEREAU\" rel=\"author\">Nicolas NEREAU<\/a><\/span><\/span><span class=\"updated rich-snippet-hidden\">2026-03-11T09:56:33+01:00<\/span><div class=\"panel-heading\"><h4 id=\"faq_1-990103252\" class=\"panel-title toggle\"><a data-toggle=\"collapse\" class=\"collapsed\" data-parent=\"#accordian-1\" data-target=\"#collapse-1-990103252\" href=\"#collapse-1-990103252\" aria-expanded=\"false\"><div class=\"fusion-toggle-icon-wrapper\"><div class=\"fusion-toggle-icon-wrapper-main\"><div class=\"fusion-toggle-icon-wrapper-sub\"><i class=\"fa-fusion-box active-icon fa-angle-down fas\" aria-hidden=\"true\"><\/i><i class=\"fa-fusion-box inactive-icon fa-angle-right fas\" aria-hidden=\"true\"><\/i><\/div><\/div><\/div><div class=\"fusion-toggle-heading\">Can I book overnight stays with toddlers?<\/div><\/a><\/h4><\/div><div id=\"collapse-1-990103252\" aria-labelledby=\"faq_1-990103252\" class=\"panel-collapse collapse\"><div class=\"panel-body toggle-content post-content\"><p>The close quarters in the dorms and dining room, and the noise level when the room is full\u2026 mean the refuge isn\u2019t suitable for children under 3, even if they\u2019re with their parents.<\/p>\n<\/div><\/div><\/div><div class=\"fusion-panel fusion-toggle-no-divider panel-default fusion-faq-post fusion-faq-post-990103253 accommodation \"><span class=\"entry-title rich-snippet-hidden\">What are the cancellation terms?<\/span><span class=\"vcard rich-snippet-hidden\"><span class=\"fn\"><a href=\"https:\/\/www.refugedelacoire.fr\/en\/author\/oyacommunication\/\" title=\"Posts by Nicolas NEREAU\" rel=\"author\">Nicolas NEREAU<\/a><\/span><\/span><span class=\"updated rich-snippet-hidden\">2026-03-11T09:57:05+01:00<\/span><div class=\"panel-heading\"><h4 id=\"faq_1-990103253\" class=\"panel-title toggle\"><a data-toggle=\"collapse\" class=\"collapsed\" data-parent=\"#accordian-1\" data-target=\"#collapse-1-990103253\" href=\"#collapse-1-990103253\" aria-expanded=\"false\"><div class=\"fusion-toggle-icon-wrapper\"><div class=\"fusion-toggle-icon-wrapper-main\"><div class=\"fusion-toggle-icon-wrapper-sub\"><i class=\"fa-fusion-box active-icon fa-angle-down fas\" aria-hidden=\"true\"><\/i><i class=\"fa-fusion-box inactive-icon fa-angle-right fas\" aria-hidden=\"true\"><\/i><\/div><\/div><\/div><div class=\"fusion-toggle-heading\">What are the cancellation terms?<\/div><\/a><\/h4><\/div><div id=\"collapse-1-990103253\" aria-labelledby=\"faq_1-990103253\" class=\"panel-collapse collapse\"><div class=\"panel-body toggle-content post-content\"><p>You can check our general terms and conditions of sale. Deposits are non-refundable but can be applied to a future booking or to the remainder of the stay if the cancellation only affects part of it.<\/p>\n<\/div><\/div><\/div><div class=\"fusion-panel fusion-toggle-no-divider panel-default fusion-faq-post fusion-faq-post-990103257 accommodation \"><span class=\"entry-title rich-snippet-hidden\">Can I stay at the refuge for several days?<\/span><span class=\"vcard rich-snippet-hidden\"><span class=\"fn\"><a href=\"https:\/\/www.refugedelacoire.fr\/en\/author\/oyacommunication\/\" title=\"Posts by Nicolas NEREAU\" rel=\"author\">Nicolas NEREAU<\/a><\/span><\/span><span class=\"updated rich-snippet-hidden\">2026-03-11T09:58:37+01:00<\/span><div class=\"panel-heading\"><h4 id=\"faq_1-990103257\" class=\"panel-title toggle\"><a data-toggle=\"collapse\" class=\"collapsed\" data-parent=\"#accordian-1\" data-target=\"#collapse-1-990103257\" href=\"#collapse-1-990103257\" aria-expanded=\"false\"><div class=\"fusion-toggle-icon-wrapper\"><div class=\"fusion-toggle-icon-wrapper-main\"><div class=\"fusion-toggle-icon-wrapper-sub\"><i class=\"fa-fusion-box active-icon fa-angle-down fas\" aria-hidden=\"true\"><\/i><i class=\"fa-fusion-box inactive-icon fa-angle-right fas\" aria-hidden=\"true\"><\/i><\/div><\/div><\/div><div class=\"fusion-toggle-heading\">Can I stay at the refuge for several days?<\/div><\/a><\/h4><\/div><div id=\"collapse-1-990103257\" aria-labelledby=\"faq_1-990103257\" class=\"panel-collapse collapse\"><div class=\"panel-body toggle-content post-content\"><p>Maximum 2 consecutive nights When the refuge is staffed, if you stay more than 2 or 3 days, you may end up eating the same thing several times (3 different menus) When the refuge is unstaffed, especially during winter, it&#8217;s important to distinguish between a g\u00eete\/B\/hotel and a mountain refuge where hikers are normally just passing through. You don&#8217;t settle into the building as if you were at home, and above all, it&#8217;s not equipped with enough firewood to be heated all day by groups staying put. <\/p>\n<\/div><\/div><\/div><div class=\"fusion-panel fusion-toggle-no-divider panel-default fusion-faq-post fusion-faq-post-990103258 accommodation \"><span class=\"entry-title rich-snippet-hidden\">Can I privatize the refuge for a party?<\/span><span class=\"vcard rich-snippet-hidden\"><span class=\"fn\"><a href=\"https:\/\/www.refugedelacoire.fr\/en\/author\/oyacommunication\/\" title=\"Posts by Nicolas NEREAU\" rel=\"author\">Nicolas NEREAU<\/a><\/span><\/span><span class=\"updated rich-snippet-hidden\">2026-03-11T09:58:55+01:00<\/span><div class=\"panel-heading\"><h4 id=\"faq_1-990103258\" class=\"panel-title toggle\"><a data-toggle=\"collapse\" class=\"collapsed\" data-parent=\"#accordian-1\" data-target=\"#collapse-1-990103258\" href=\"#collapse-1-990103258\" aria-expanded=\"false\"><div class=\"fusion-toggle-icon-wrapper\"><div class=\"fusion-toggle-icon-wrapper-main\"><div class=\"fusion-toggle-icon-wrapper-sub\"><i class=\"fa-fusion-box active-icon fa-angle-down fas\" aria-hidden=\"true\"><\/i><i class=\"fa-fusion-box inactive-icon fa-angle-right fas\" aria-hidden=\"true\"><\/i><\/div><\/div><\/div><div class=\"fusion-toggle-heading\">Can I privatize the refuge for a party?<\/div><\/a><\/h4><\/div><div id=\"collapse-1-990103258\" aria-labelledby=\"faq_1-990103258\" class=\"panel-collapse collapse\"><div class=\"panel-body toggle-content post-content\"><p>No. La Coire must be able to accommodate people in need at all times. The Cormet chalet can be privatized outside the summer season upon request.<\/p>\n<\/div><\/div><\/div><\/div><\/div><\/div><\/div><\/div><\/div><\/div><\/div><div class=\"fusion-fullwidth fullwidth-box fusion-builder-row-2 fusion-flex-container has-pattern-background has-mask-background nonhundred-percent-fullwidth non-hundred-percent-height-scrolling\" style=\"--awb-border-radius-top-left:0px;--awb-border-radius-top-right:0px;--awb-border-radius-bottom-right:0px;--awb-border-radius-bottom-left:0px;--awb-padding-top:50px;--awb-padding-bottom:50px;--awb-background-color:rgba(19,48,74,0.1);--awb-flex-wrap:wrap;\" ><div class=\"fusion-builder-row fusion-row fusion-flex-align-items-flex-start fusion-flex-content-wrap\" style=\"max-width:1248px;margin-left: calc(-4% \/ 2 );margin-right: calc(-4% \/ 2 );\"><div class=\"fusion-layout-column fusion_builder_column fusion-builder-column-1 fusion_builder_column_1_1 1_1 fusion-flex-column\" style=\"--awb-bg-size:cover;--awb-width-large:100%;--awb-margin-top-large:0px;--awb-spacing-right-large:1.92%;--awb-margin-bottom-large:20px;--awb-spacing-left-large:1.92%;--awb-width-medium:100%;--awb-order-medium:0;--awb-spacing-right-medium:1.92%;--awb-spacing-left-medium:1.92%;--awb-width-small:100%;--awb-order-small:0;--awb-spacing-right-small:1.92%;--awb-spacing-left-small:1.92%;\" data-scroll-devices=\"small-visibility,medium-visibility,large-visibility\"><div class=\"fusion-column-wrapper fusion-column-has-shadow fusion-flex-justify-content-flex-start fusion-content-layout-column\"><div class=\"fusion-title title fusion-title-2 fusion-title-text fusion-title-size-three\" style=\"--awb-margin-top-small:10px;--awb-margin-right-small:0px;--awb-margin-bottom-small:10px;--awb-margin-left-small:0px;--awb-sep-color:var(--awb-color4);\"><div class=\"title-sep-container title-sep-container-left fusion-no-large-visibility fusion-no-medium-visibility fusion-no-small-visibility\"><div class=\"title-sep sep-single sep-solid\" style=\"border-color:var(--awb-color4);\"><\/div><\/div><span class=\"awb-title-spacer fusion-no-large-visibility fusion-no-medium-visibility fusion-no-small-visibility\"><\/span><h3 class=\"fusion-title-heading title-heading-left fusion-responsive-typography-calculated\" style=\"margin:0;text-transform:uppercase;--fontSize:30;line-height:var(--awb-typography1-line-height);\">Restaurant<\/h3><span class=\"awb-title-spacer\"><\/span><div class=\"title-sep-container title-sep-container-right\"><div class=\"title-sep sep-single sep-solid\" style=\"border-color:var(--awb-color4);\"><\/div><\/div><\/div><style type=\"text\/css\">.fusion-faqs-wrapper #accordian-2 .fusion-panel { border-color:var(--awb-color3); }.fusion-faqs-wrapper #accordian-2 .fusion-panel:hover{ border-color: var(--awb-color3); }.fusion-accordian #accordian-2 .panel-title a .fa-fusion-box:before{ font-size: 16px;width: 16px;}.fusion-accordian #accordian-2 .panel-title a .fa-fusion-box{ color: var(--awb-color4);}.fusion-accordian  #accordian-2 .panel-title a{font-size:16px;font-family:var(--awb-typography1-font-family);font-weight:var(--awb-typography1-font-weight);font-style:var(--awb-typography1-font-style);}.fusion-accordian  #accordian-2 .panel-title a:not(:hover){}.fusion-accordian  #accordian-2 .toggle-content{font-family:var(--awb-typography4-font-family);font-weight:var(--awb-typography4-font-weight);font-style:var(--awb-typography4-font-style);}.fusion-accordian #accordian-2 .panel-title a:hover,.fusion-accordian #accordian-2 .panel-title a.hover { color: var(--awb-color4);}.fusion-faq-shortcode .fusion-accordian #accordian-2 .fusion-toggle-boxed-mode:hover .panel-title a { color: var(--awb-color4);}.fusion-accordian #accordian-2.fusion-toggle-icon-unboxed .panel-title a:hover .fa-fusion-box,.fusion-accordian #accordian-2.fusion-toggle-icon-unboxed .panel-title a.hover .fa-fusion-box { color: var(--awb-color4); }<\/style><div class=\"fusion-faq-shortcode\" style=\"\"><div class=\"fusion-faqs-wrapper\"><div class=\"accordian fusion-accordian\"><div class=\"panel-group  fusion-toggle-icon-unboxed\" id=\"accordian-2\"><div class=\"fusion-panel fusion-toggle-no-divider panel-default fusion-faq-post fusion-faq-post-990103254 restaurant \"><span class=\"entry-title rich-snippet-hidden\">How can I pay on site?<\/span><span class=\"vcard rich-snippet-hidden\"><span class=\"fn\"><a href=\"https:\/\/www.refugedelacoire.fr\/en\/author\/oyacommunication\/\" title=\"Posts by Nicolas NEREAU\" rel=\"author\">Nicolas NEREAU<\/a><\/span><\/span><span class=\"updated rich-snippet-hidden\">2026-03-11T09:57:21+01:00<\/span><div class=\"panel-heading\"><h4 id=\"faq_2-990103254\" class=\"panel-title toggle\"><a data-toggle=\"collapse\" class=\"collapsed\" data-parent=\"#accordian-2\" data-target=\"#collapse-2-990103254\" href=\"#collapse-2-990103254\" aria-expanded=\"false\"><div class=\"fusion-toggle-icon-wrapper\"><div class=\"fusion-toggle-icon-wrapper-main\"><div class=\"fusion-toggle-icon-wrapper-sub\"><i class=\"fa-fusion-box active-icon fa-angle-down fas\" aria-hidden=\"true\"><\/i><i class=\"fa-fusion-box inactive-icon fa-angle-right fas\" aria-hidden=\"true\"><\/i><\/div><\/div><\/div><div class=\"fusion-toggle-heading\">How can I pay on site?<\/div><\/a><\/h4><\/div><div id=\"collapse-2-990103254\" aria-labelledby=\"faq_2-990103254\" class=\"panel-collapse collapse\"><div class=\"panel-body toggle-content post-content\"><p>Please bring cash or a chequebook to pay on site. We don\u2019t accept cards.<\/p>\n<\/div><\/div><\/div><div class=\"fusion-panel fusion-toggle-no-divider panel-default fusion-faq-post fusion-faq-post-990103255 restaurant \"><span class=\"entry-title rich-snippet-hidden\">Can I request a special diet?<\/span><span class=\"vcard rich-snippet-hidden\"><span class=\"fn\"><a href=\"https:\/\/www.refugedelacoire.fr\/en\/author\/oyacommunication\/\" title=\"Posts by Nicolas NEREAU\" rel=\"author\">Nicolas NEREAU<\/a><\/span><\/span><span class=\"updated rich-snippet-hidden\">2026-03-11T09:57:43+01:00<\/span><div class=\"panel-heading\"><h4 id=\"faq_2-990103255\" class=\"panel-title toggle\"><a data-toggle=\"collapse\" class=\"collapsed\" data-parent=\"#accordian-2\" data-target=\"#collapse-2-990103255\" href=\"#collapse-2-990103255\" aria-expanded=\"false\"><div class=\"fusion-toggle-icon-wrapper\"><div class=\"fusion-toggle-icon-wrapper-main\"><div class=\"fusion-toggle-icon-wrapper-sub\"><i class=\"fa-fusion-box active-icon fa-angle-down fas\" aria-hidden=\"true\"><\/i><i class=\"fa-fusion-box inactive-icon fa-angle-right fas\" aria-hidden=\"true\"><\/i><\/div><\/div><\/div><div class=\"fusion-toggle-heading\">Can I request a special diet?<\/div><\/a><\/h4><\/div><div id=\"collapse-2-990103255\" aria-labelledby=\"faq_2-990103255\" class=\"panel-collapse collapse\"><div class=\"panel-body toggle-content post-content\"><p>Our refuge is old, with little kitchen space, limited storage, and few cooking facilities. We focus on local produce, sometimes organic, and we strive to prepare delicious meals for you with great care. Therefore, we cannot accommodate individual health issues, beliefs, or tastes. Only vegetarian diets are taken into account if declared at the time of booking. If you cannot or do not wish to partake in the communal meals, please bring your own food. You will find crockery, pots, and cooking facilities available for use on site. In winter, we have chosen not to use helicopter resupply for ecological reasons. A large portion of our food is carried up in backpacks. Adaptation is therefore even more important!<\/p>\n<\/div><\/div><\/div><div class=\"fusion-panel fusion-toggle-no-divider panel-default fusion-faq-post fusion-faq-post-990103256 restaurant \"><span class=\"entry-title rich-snippet-hidden\">Can I park next to the refuge?<\/span><span class=\"vcard rich-snippet-hidden\"><span class=\"fn\"><a href=\"https:\/\/www.refugedelacoire.fr\/en\/author\/oyacommunication\/\" title=\"Posts by Nicolas NEREAU\" rel=\"author\">Nicolas NEREAU<\/a><\/span><\/span><span class=\"updated rich-snippet-hidden\">2026-03-11T09:58:01+01:00<\/span><div class=\"panel-heading\"><h4 id=\"faq_2-990103256\" class=\"panel-title toggle\"><a data-toggle=\"collapse\" class=\"collapsed\" data-parent=\"#accordian-2\" data-target=\"#collapse-2-990103256\" href=\"#collapse-2-990103256\" aria-expanded=\"false\"><div class=\"fusion-toggle-icon-wrapper\"><div class=\"fusion-toggle-icon-wrapper-main\"><div class=\"fusion-toggle-icon-wrapper-sub\"><i class=\"fa-fusion-box active-icon fa-angle-down fas\" aria-hidden=\"true\"><\/i><i class=\"fa-fusion-box inactive-icon fa-angle-right fas\" aria-hidden=\"true\"><\/i><\/div><\/div><\/div><div class=\"fusion-toggle-heading\">Can I park next to the refuge?<\/div><\/a><\/h4><\/div><div id=\"collapse-2-990103256\" aria-labelledby=\"faq_2-990103256\" class=\"panel-collapse collapse\"><div class=\"panel-body toggle-content post-content\"><p>A gravel road connecting Granier to Ar\u00eaches runs next to the refuge. This road is not in very good condition. Many hikers on foot, by mountain bike, or on horseback use this road. Furthermore, it is also used by shepherds for their work. We therefore advise you to park in the car parks designated for hikers (Laval: 1.5-hour walk, Plan Pichu: 30-minute walk, Barrage de Saint Guerrin: 2-hour walk).    <\/p>\n<\/div><\/div><\/div><\/div><\/div><\/div><\/div><\/div><\/div><\/div><\/div><div class=\"fusion-fullwidth fullwidth-box fusion-builder-row-3 fusion-flex-container has-pattern-background has-mask-background nonhundred-percent-fullwidth non-hundred-percent-height-scrolling\" style=\"--awb-border-radius-top-left:0px;--awb-border-radius-top-right:0px;--awb-border-radius-bottom-right:0px;--awb-border-radius-bottom-left:0px;--awb-padding-top:50px;--awb-padding-bottom:50px;--awb-flex-wrap:wrap;\" ><div class=\"fusion-builder-row fusion-row fusion-flex-align-items-flex-start fusion-flex-content-wrap\" style=\"max-width:1248px;margin-left: calc(-4% \/ 2 );margin-right: calc(-4% \/ 2 );\"><div class=\"fusion-layout-column fusion_builder_column fusion-builder-column-2 fusion_builder_column_1_1 1_1 fusion-flex-column\" style=\"--awb-bg-size:cover;--awb-width-large:100%;--awb-margin-top-large:0px;--awb-spacing-right-large:1.92%;--awb-margin-bottom-large:20px;--awb-spacing-left-large:1.92%;--awb-width-medium:100%;--awb-order-medium:0;--awb-spacing-right-medium:1.92%;--awb-spacing-left-medium:1.92%;--awb-width-small:100%;--awb-order-small:0;--awb-spacing-right-small:1.92%;--awb-spacing-left-small:1.92%;\"><div class=\"fusion-column-wrapper fusion-column-has-shadow fusion-flex-justify-content-flex-start fusion-content-layout-column\"><div class=\"fusion-title title fusion-title-3 fusion-title-text fusion-title-size-three\" style=\"--awb-margin-top-small:10px;--awb-margin-right-small:0px;--awb-margin-bottom-small:10px;--awb-margin-left-small:0px;--awb-sep-color:var(--awb-color4);\"><div class=\"title-sep-container title-sep-container-left fusion-no-large-visibility fusion-no-medium-visibility fusion-no-small-visibility\"><div class=\"title-sep sep-single sep-solid\" style=\"border-color:var(--awb-color4);\"><\/div><\/div><span class=\"awb-title-spacer fusion-no-large-visibility fusion-no-medium-visibility fusion-no-small-visibility\"><\/span><h3 class=\"fusion-title-heading title-heading-left fusion-responsive-typography-calculated\" style=\"margin:0;text-transform:uppercase;--fontSize:30;line-height:var(--awb-typography1-line-height);\">Environment<\/h3><span class=\"awb-title-spacer\"><\/span><div class=\"title-sep-container title-sep-container-right\"><div class=\"title-sep sep-single sep-solid\" style=\"border-color:var(--awb-color4);\"><\/div><\/div><\/div><style type=\"text\/css\">.fusion-faqs-wrapper #accordian-3 .fusion-panel { border-color:var(--awb-color3); }.fusion-faqs-wrapper #accordian-3 .fusion-panel:hover{ border-color: var(--awb-color3); }.fusion-accordian #accordian-3 .panel-title a .fa-fusion-box:before{ font-size: 16px;width: 16px;}.fusion-accordian #accordian-3 .panel-title a .fa-fusion-box{ color: var(--awb-color4);}.fusion-accordian  #accordian-3 .panel-title a{font-size:16px;font-family:var(--awb-typography1-font-family);font-weight:var(--awb-typography1-font-weight);font-style:var(--awb-typography1-font-style);}.fusion-accordian  #accordian-3 .panel-title a:not(:hover){}.fusion-accordian  #accordian-3 .toggle-content{font-family:var(--awb-typography4-font-family);font-weight:var(--awb-typography4-font-weight);font-style:var(--awb-typography4-font-style);}.fusion-accordian #accordian-3 .panel-title a:hover,.fusion-accordian #accordian-3 .panel-title a.hover { color: var(--awb-color4);}.fusion-faq-shortcode .fusion-accordian #accordian-3 .fusion-toggle-boxed-mode:hover .panel-title a { color: var(--awb-color4);}.fusion-accordian #accordian-3.fusion-toggle-icon-unboxed .panel-title a:hover .fa-fusion-box,.fusion-accordian #accordian-3.fusion-toggle-icon-unboxed .panel-title a.hover .fa-fusion-box { color: var(--awb-color4); }<\/style><div class=\"fusion-faq-shortcode\" style=\"\"><div class=\"fusion-faqs-wrapper\"><div class=\"accordian fusion-accordian\"><div class=\"panel-group  fusion-toggle-icon-unboxed\" id=\"accordian-3\"><div class=\"fusion-panel fusion-toggle-no-divider panel-default fusion-faq-post fusion-faq-post-990103259 environment \"><span class=\"entry-title rich-snippet-hidden\">Can I camp by the lakes?<\/span><span class=\"vcard rich-snippet-hidden\"><span class=\"fn\"><a href=\"https:\/\/www.refugedelacoire.fr\/en\/author\/oyacommunication\/\" title=\"Posts by Nicolas NEREAU\" rel=\"author\">Nicolas NEREAU<\/a><\/span><\/span><span class=\"updated rich-snippet-hidden\">2026-03-11T09:59:17+01:00<\/span><div class=\"panel-heading\"><h4 id=\"faq_3-990103259\" class=\"panel-title toggle\"><a data-toggle=\"collapse\" class=\"collapsed\" data-parent=\"#accordian-3\" data-target=\"#collapse-3-990103259\" href=\"#collapse-3-990103259\" aria-expanded=\"false\"><div class=\"fusion-toggle-icon-wrapper\"><div class=\"fusion-toggle-icon-wrapper-main\"><div class=\"fusion-toggle-icon-wrapper-sub\"><i class=\"fa-fusion-box active-icon fa-angle-down fas\" aria-hidden=\"true\"><\/i><i class=\"fa-fusion-box inactive-icon fa-angle-right fas\" aria-hidden=\"true\"><\/i><\/div><\/div><\/div><div class=\"fusion-toggle-heading\">Can I camp by the lakes?<\/div><\/a><\/h4><\/div><div id=\"collapse-3-990103259\" aria-labelledby=\"faq_3-990103259\" class=\"panel-collapse collapse\"><div class=\"panel-body toggle-content post-content\"><p>Wild camping is prohibited by municipal order around lakes, hydroelectric reservoirs, and other bodies of water within a 150m radius. Stay on or near the trail you are using; you must leave the area clean when you leave.<\/p>\n<\/div><\/div><\/div><div class=\"fusion-panel fusion-toggle-no-divider panel-default fusion-faq-post fusion-faq-post-990103260 environment \"><span class=\"entry-title rich-snippet-hidden\">Can I swim in the lakes (Lac Amour, Lac des F\u00e9es, Temp\u00eate, St Gu\u00e9rin)?<\/span><span class=\"vcard rich-snippet-hidden\"><span class=\"fn\"><a href=\"https:\/\/www.refugedelacoire.fr\/en\/author\/oyacommunication\/\" title=\"Posts by Nicolas NEREAU\" rel=\"author\">Nicolas NEREAU<\/a><\/span><\/span><span class=\"updated rich-snippet-hidden\">2026-03-11T09:59:43+01:00<\/span><div class=\"panel-heading\"><h4 id=\"faq_3-990103260\" class=\"panel-title toggle\"><a data-toggle=\"collapse\" class=\"collapsed\" data-parent=\"#accordian-3\" data-target=\"#collapse-3-990103260\" href=\"#collapse-3-990103260\" aria-expanded=\"false\"><div class=\"fusion-toggle-icon-wrapper\"><div class=\"fusion-toggle-icon-wrapper-main\"><div class=\"fusion-toggle-icon-wrapper-sub\"><i class=\"fa-fusion-box active-icon fa-angle-down fas\" aria-hidden=\"true\"><\/i><i class=\"fa-fusion-box inactive-icon fa-angle-right fas\" aria-hidden=\"true\"><\/i><\/div><\/div><\/div><div class=\"fusion-toggle-heading\">Can I swim in the lakes (Lac Amour, Lac des F\u00e9es, Temp\u00eate, St Gu\u00e9rin)?<\/div><\/a><\/h4><\/div><div id=\"collapse-3-990103260\" aria-labelledby=\"faq_3-990103260\" class=\"panel-collapse collapse\"><div class=\"panel-body toggle-content post-content\"><p>No. The ecosystem of an alpine lake is very fragile. Swimming is forbidden. But there are plenty of other things to do: walk, run, take photos, breathe, contemplate&#8230; For water lovers: a swimming pool in Beaufort and Bourg-Saint-Maurice, a swimming area in Mac\u00f4t and Marcaul.<\/p>\n<\/div><\/div><\/div><div class=\"fusion-panel fusion-toggle-no-divider panel-default fusion-faq-post fusion-faq-post-990103261 environment \"><span class=\"entry-title rich-snippet-hidden\">Can I pitch my tent or bivouac anywhere on the alpine pasture?<\/span><span class=\"vcard rich-snippet-hidden\"><span class=\"fn\"><a href=\"https:\/\/www.refugedelacoire.fr\/en\/author\/oyacommunication\/\" title=\"Posts by Nicolas NEREAU\" rel=\"author\">Nicolas NEREAU<\/a><\/span><\/span><span class=\"updated rich-snippet-hidden\">2026-03-11T10:00:45+01:00<\/span><div class=\"panel-heading\"><h4 id=\"faq_3-990103261\" class=\"panel-title toggle\"><a data-toggle=\"collapse\" class=\"collapsed\" data-parent=\"#accordian-3\" data-target=\"#collapse-3-990103261\" href=\"#collapse-3-990103261\" aria-expanded=\"false\"><div class=\"fusion-toggle-icon-wrapper\"><div class=\"fusion-toggle-icon-wrapper-main\"><div class=\"fusion-toggle-icon-wrapper-sub\"><i class=\"fa-fusion-box active-icon fa-angle-down fas\" aria-hidden=\"true\"><\/i><i class=\"fa-fusion-box inactive-icon fa-angle-right fas\" aria-hidden=\"true\"><\/i><\/div><\/div><\/div><div class=\"fusion-toggle-heading\">Can I pitch my tent or bivouac anywhere on the alpine pasture?<\/div><\/a><\/h4><\/div><div id=\"collapse-3-990103261\" aria-labelledby=\"faq_3-990103261\" class=\"panel-collapse collapse\"><div class=\"panel-body toggle-content post-content\"><p>No, precisely because it\u2019s an alpine pasture. The cows graze the slopes all the way up to the summit of Mont Coin, Cr\u00eat du B\u0153uf\u2026 Like you, they love flat spots, and like us they hate rubbish left lying around\u2014especially toilet paper \u201ccleverly\u201d hidden under a rock. If you meet a shepherd, ask them; if you pass by the refuge, ask us. We\u2019ll point you to the best suitable spot.<\/p>\n<\/div><\/div><\/div><div class=\"fusion-panel fusion-toggle-no-divider panel-default fusion-faq-post fusion-faq-post-990103263 environment \"><span class=\"entry-title rich-snippet-hidden\">Can I hike with my dog?<\/span><span class=\"vcard rich-snippet-hidden\"><span class=\"fn\"><a href=\"https:\/\/www.refugedelacoire.fr\/en\/author\/oyacommunication\/\" title=\"Posts by Nicolas NEREAU\" rel=\"author\">Nicolas NEREAU<\/a><\/span><\/span><span class=\"updated rich-snippet-hidden\">2026-03-25T19:51:03+01:00<\/span><div class=\"panel-heading\"><h4 id=\"faq_3-990103263\" class=\"panel-title toggle\"><a data-toggle=\"collapse\" class=\"collapsed\" data-parent=\"#accordian-3\" data-target=\"#collapse-3-990103263\" href=\"#collapse-3-990103263\" aria-expanded=\"false\"><div class=\"fusion-toggle-icon-wrapper\"><div class=\"fusion-toggle-icon-wrapper-main\"><div class=\"fusion-toggle-icon-wrapper-sub\"><i class=\"fa-fusion-box active-icon fa-angle-down fas\" aria-hidden=\"true\"><\/i><i class=\"fa-fusion-box inactive-icon fa-angle-right fas\" aria-hidden=\"true\"><\/i><\/div><\/div><\/div><div class=\"fusion-toggle-heading\">Can I hike with my dog?<\/div><\/a><\/h4><\/div><div id=\"collapse-3-990103263\" aria-labelledby=\"faq_3-990103263\" class=\"panel-collapse collapse\"><div class=\"panel-body toggle-content post-content\"><p>Yes, as long as they are on a lead. Watch out: you may encounter working herding dogs and livestock guardian dogs on your route.<\/p>\n<\/div><\/div><\/div><div class=\"fusion-panel fusion-toggle-no-divider panel-default fusion-faq-post fusion-faq-post-990103262 environment \"><span class=\"entry-title rich-snippet-hidden\">Can I drink water from the streams?<\/span><span class=\"vcard rich-snippet-hidden\"><span class=\"fn\"><a href=\"https:\/\/www.refugedelacoire.fr\/en\/author\/oyacommunication\/\" title=\"Posts by Nicolas NEREAU\" rel=\"author\">Nicolas NEREAU<\/a><\/span><\/span><span class=\"updated rich-snippet-hidden\">2026-03-11T10:01:20+01:00<\/span><div class=\"panel-heading\"><h4 id=\"faq_3-990103262\" class=\"panel-title toggle\"><a data-toggle=\"collapse\" class=\"collapsed\" data-parent=\"#accordian-3\" data-target=\"#collapse-3-990103262\" href=\"#collapse-3-990103262\" aria-expanded=\"false\"><div class=\"fusion-toggle-icon-wrapper\"><div class=\"fusion-toggle-icon-wrapper-main\"><div class=\"fusion-toggle-icon-wrapper-sub\"><i class=\"fa-fusion-box active-icon fa-angle-down fas\" aria-hidden=\"true\"><\/i><i class=\"fa-fusion-box inactive-icon fa-angle-right fas\" aria-hidden=\"true\"><\/i><\/div><\/div><\/div><div class=\"fusion-toggle-heading\">Can I drink water from the streams?<\/div><\/a><\/h4><\/div><div id=\"collapse-3-990103262\" aria-labelledby=\"faq_3-990103262\" class=\"panel-collapse collapse\"><div class=\"panel-body toggle-content post-content\"><p>The water isn\u2019t tested.<\/p>\n<\/div><\/div><\/div><\/div><\/div><\/div><\/div><\/div><\/div><\/div><\/div><\/p>\n","protected":false},"excerpt":{"rendered":"","protected":false},"author":1,"featured_media":990103241,"parent":0,"menu_order":0,"comment_status":"closed","ping_status":"closed","template":"100-width.php","meta":{"_acf_changed":false,"footnotes":""},"class_list":["post-990103242","page","type-page","status-publish","has-post-thumbnail","hentry"],"acf":[],"yoast_head":"<!-- This site is optimized with the Yoast SEO plugin v27.4 - https:\/\/yoast.com\/product\/yoast-seo-wordpress\/ -->\n<title>FAQ - Refuge de la Coire<\/title>\n<meta name=\"description\" content=\"We answer all your questions before you visit Refuge de La Coire!\" \/>\n<meta name=\"robots\" content=\"index, follow, max-snippet:-1, max-image-preview:large, max-video-preview:-1\" \/>\n<link rel=\"canonical\" href=\"https:\/\/www.refugedelacoire.fr\/en\/faq\/\" \/>\n<meta property=\"og:locale\" content=\"en_US\" \/>\n<meta property=\"og:type\" content=\"article\" \/>\n<meta property=\"og:title\" content=\"FAQ - Refuge de la Coire\" \/>\n<meta property=\"og:description\" content=\"We answer all your questions before you visit Refuge de La Coire!\" \/>\n<meta property=\"og:url\" content=\"https:\/\/www.refugedelacoire.fr\/en\/faq\/\" \/>\n<meta property=\"og:site_name\" content=\"Refuge de la Coire\" \/>\n<meta property=\"article:publisher\" content=\"https:\/\/www.facebook.com\/refugedelacoire\" \/>\n<meta property=\"article:modified_time\" content=\"2026-04-24T16:35:31+00:00\" \/>\n<meta property=\"og:image\" content=\"https:\/\/www.refugedelacoire.fr\/wp-content\/uploads\/2026\/03\/ARC-EN-CIEL-TERASSE.jpeg\" \/>\n\t<meta property=\"og:image:width\" content=\"1600\" \/>\n\t<meta property=\"og:image:height\" content=\"900\" \/>\n\t<meta property=\"og:image:type\" content=\"image\/jpeg\" \/>\n<meta name=\"twitter:card\" content=\"summary_large_image\" \/>\n<script type=\"application\/ld+json\" class=\"yoast-schema-graph\">{\"@context\":\"https:\\\/\\\/schema.org\",\"@graph\":[{\"@type\":\"WebPage\",\"@id\":\"https:\\\/\\\/www.refugedelacoire.fr\\\/en\\\/faq\\\/\",\"url\":\"https:\\\/\\\/www.refugedelacoire.fr\\\/en\\\/faq\\\/\",\"name\":\"FAQ - Refuge de la Coire\",\"isPartOf\":{\"@id\":\"https:\\\/\\\/www.refugedelacoire.fr\\\/en\\\/#website\"},\"primaryImageOfPage\":{\"@id\":\"https:\\\/\\\/www.refugedelacoire.fr\\\/en\\\/faq\\\/#primaryimage\"},\"image\":{\"@id\":\"https:\\\/\\\/www.refugedelacoire.fr\\\/en\\\/faq\\\/#primaryimage\"},\"thumbnailUrl\":\"https:\\\/\\\/www.refugedelacoire.fr\\\/wp-content\\\/uploads\\\/2026\\\/03\\\/ARC-EN-CIEL-TERASSE.jpeg\",\"datePublished\":\"2026-03-02T09:14:58+00:00\",\"dateModified\":\"2026-04-24T16:35:31+00:00\",\"description\":\"We answer all your questions before you visit Refuge de La Coire!\",\"breadcrumb\":{\"@id\":\"https:\\\/\\\/www.refugedelacoire.fr\\\/en\\\/faq\\\/#breadcrumb\"},\"inLanguage\":\"en-US\",\"potentialAction\":[{\"@type\":\"ReadAction\",\"target\":[\"https:\\\/\\\/www.refugedelacoire.fr\\\/en\\\/faq\\\/\"]}]},{\"@type\":\"ImageObject\",\"inLanguage\":\"en-US\",\"@id\":\"https:\\\/\\\/www.refugedelacoire.fr\\\/en\\\/faq\\\/#primaryimage\",\"url\":\"https:\\\/\\\/www.refugedelacoire.fr\\\/wp-content\\\/uploads\\\/2026\\\/03\\\/ARC-EN-CIEL-TERASSE.jpeg\",\"contentUrl\":\"https:\\\/\\\/www.refugedelacoire.fr\\\/wp-content\\\/uploads\\\/2026\\\/03\\\/ARC-EN-CIEL-TERASSE.jpeg\",\"width\":1600,\"height\":900},{\"@type\":\"BreadcrumbList\",\"@id\":\"https:\\\/\\\/www.refugedelacoire.fr\\\/en\\\/faq\\\/#breadcrumb\",\"itemListElement\":[{\"@type\":\"ListItem\",\"position\":1,\"name\":\"Accueil\",\"item\":\"https:\\\/\\\/www.refugedelacoire.fr\\\/en\\\/\"},{\"@type\":\"ListItem\",\"position\":2,\"name\":\"FAQ\"}]},{\"@type\":\"WebSite\",\"@id\":\"https:\\\/\\\/www.refugedelacoire.fr\\\/en\\\/#website\",\"url\":\"https:\\\/\\\/www.refugedelacoire.fr\\\/en\\\/\",\"name\":\"Refuge de la Coire\",\"description\":\"Randonn\u00e9es en Tarentaise et Beaufortain\",\"potentialAction\":[{\"@type\":\"SearchAction\",\"target\":{\"@type\":\"EntryPoint\",\"urlTemplate\":\"https:\\\/\\\/www.refugedelacoire.fr\\\/en\\\/?s={search_term_string}\"},\"query-input\":{\"@type\":\"PropertyValueSpecification\",\"valueRequired\":true,\"valueName\":\"search_term_string\"}}],\"inLanguage\":\"en-US\"}]}<\/script>\n<!-- \/ Yoast SEO plugin. -->","yoast_head_json":{"title":"FAQ - Refuge de la Coire","description":"We answer all your questions before you visit Refuge de La Coire!","robots":{"index":"index","follow":"follow","max-snippet":"max-snippet:-1","max-image-preview":"max-image-preview:large","max-video-preview":"max-video-preview:-1"},"canonical":"https:\/\/www.refugedelacoire.fr\/en\/faq\/","og_locale":"en_US","og_type":"article","og_title":"FAQ - Refuge de la Coire","og_description":"We answer all your questions before you visit Refuge de La Coire!","og_url":"https:\/\/www.refugedelacoire.fr\/en\/faq\/","og_site_name":"Refuge de la Coire","article_publisher":"https:\/\/www.facebook.com\/refugedelacoire","article_modified_time":"2026-04-24T16:35:31+00:00","og_image":[{"width":1600,"height":900,"url":"https:\/\/www.refugedelacoire.fr\/wp-content\/uploads\/2026\/03\/ARC-EN-CIEL-TERASSE.jpeg","type":"image\/jpeg"}],"twitter_card":"summary_large_image","schema":{"@context":"https:\/\/schema.org","@graph":[{"@type":"WebPage","@id":"https:\/\/www.refugedelacoire.fr\/en\/faq\/","url":"https:\/\/www.refugedelacoire.fr\/en\/faq\/","name":"FAQ - Refuge de la Coire","isPartOf":{"@id":"https:\/\/www.refugedelacoire.fr\/en\/#website"},"primaryImageOfPage":{"@id":"https:\/\/www.refugedelacoire.fr\/en\/faq\/#primaryimage"},"image":{"@id":"https:\/\/www.refugedelacoire.fr\/en\/faq\/#primaryimage"},"thumbnailUrl":"https:\/\/www.refugedelacoire.fr\/wp-content\/uploads\/2026\/03\/ARC-EN-CIEL-TERASSE.jpeg","datePublished":"2026-03-02T09:14:58+00:00","dateModified":"2026-04-24T16:35:31+00:00","description":"We answer all your questions before you visit Refuge de La Coire!","breadcrumb":{"@id":"https:\/\/www.refugedelacoire.fr\/en\/faq\/#breadcrumb"},"inLanguage":"en-US","potentialAction":[{"@type":"ReadAction","target":["https:\/\/www.refugedelacoire.fr\/en\/faq\/"]}]},{"@type":"ImageObject","inLanguage":"en-US","@id":"https:\/\/www.refugedelacoire.fr\/en\/faq\/#primaryimage","url":"https:\/\/www.refugedelacoire.fr\/wp-content\/uploads\/2026\/03\/ARC-EN-CIEL-TERASSE.jpeg","contentUrl":"https:\/\/www.refugedelacoire.fr\/wp-content\/uploads\/2026\/03\/ARC-EN-CIEL-TERASSE.jpeg","width":1600,"height":900},{"@type":"BreadcrumbList","@id":"https:\/\/www.refugedelacoire.fr\/en\/faq\/#breadcrumb","itemListElement":[{"@type":"ListItem","position":1,"name":"Accueil","item":"https:\/\/www.refugedelacoire.fr\/en\/"},{"@type":"ListItem","position":2,"name":"FAQ"}]},{"@type":"WebSite","@id":"https:\/\/www.refugedelacoire.fr\/en\/#website","url":"https:\/\/www.refugedelacoire.fr\/en\/","name":"Refuge de la Coire","description":"Randonn\u00e9es en Tarentaise et Beaufortain","potentialAction":[{"@type":"SearchAction","target":{"@type":"EntryPoint","urlTemplate":"https:\/\/www.refugedelacoire.fr\/en\/?s={search_term_string}"},"query-input":{"@type":"PropertyValueSpecification","valueRequired":true,"valueName":"search_term_string"}}],"inLanguage":"en-US"}]}},"_links":{"self":[{"href":"https:\/\/www.refugedelacoire.fr\/en\/wp-json\/wp\/v2\/pages\/990103242","targetHints":{"allow":["GET"]}}],"collection":[{"href":"https:\/\/www.refugedelacoire.fr\/en\/wp-json\/wp\/v2\/pages"}],"about":[{"href":"https:\/\/www.refugedelacoire.fr\/en\/wp-json\/wp\/v2\/types\/page"}],"author":[{"embeddable":true,"href":"https:\/\/www.refugedelacoire.fr\/en\/wp-json\/wp\/v2\/users\/1"}],"replies":[{"embeddable":true,"href":"https:\/\/www.refugedelacoire.fr\/en\/wp-json\/wp\/v2\/comments?post=990103242"}],"version-history":[{"count":4,"href":"https:\/\/www.refugedelacoire.fr\/en\/wp-json\/wp\/v2\/pages\/990103242\/revisions"}],"predecessor-version":[{"id":990103583,"href":"https:\/\/www.refugedelacoire.fr\/en\/wp-json\/wp\/v2\/pages\/990103242\/revisions\/990103583"}],"wp:featuredmedia":[{"embeddable":true,"href":"https:\/\/www.refugedelacoire.fr\/en\/wp-json\/wp\/v2\/media\/990103241"}],"wp:attachment":[{"href":"https:\/\/www.refugedelacoire.fr\/en\/wp-json\/wp\/v2\/media?parent=990103242"}],"curies":[{"name":"wp","href":"https:\/\/api.w.org\/{rel}","templated":true}]}}